{"id":34505,"date":"2024-02-12T10:57:17","date_gmt":"2024-02-12T09:57:17","guid":{"rendered":"https:\/\/campralodge.ch\/?page_id=34505"},"modified":"2025-03-18T15:11:11","modified_gmt":"2025-03-18T14:11:11","slug":"travail-campra","status":"publish","type":"page","link":"https:\/\/campralodge.ch\/fr\/travail-campra\/","title":{"rendered":"Carri\u00e8re"},"content":{"rendered":"<div class=\"wpb-content-wrapper\"><p>[vc_row][vc_column]<div class=\"dfd-spacer-module\"  data-units=\"px\" data-wide_resolution=\"1280\" data-wide_size=\"150\" data-normal_resolution=\"1024\" data-normal_size=\"100\" data-tablet_resolution=\"800\" data-tablet_size=\"100\" data-mobile_resolution=\"480\" data-mobile_size=\"80\" style=\"height: 150px;\"><\/div>[\/vc_column][\/vc_row][vc_row][vc_column width=\u00a0\u00bb1\/6&Prime; col_shadow=\u00a0\u00bbbox_shadow_enable:disable|shadow_horizontal:0|shadow_vertical:15|shadow_blur:50|shadow_spread:0|box_shadow_color:rgba(0%2C0%2C0%2C0.35)\u00a0\u00bb col_shadow_hover=\u00a0\u00bbbox_shadow_enable:disable|shadow_horizontal:0|shadow_vertical:15|shadow_blur:50|shadow_spread:0|box_shadow_color:rgba(0%2C0%2C0%2C0.35)\u00a0\u00bb][vc_single_image image=\u00a0\u00bb37705&Prime; img_size=\u00a0\u00bbfull\u00a0\u00bb css=\u00a0\u00bb\u00a0\u00bb][\/vc_column][vc_column width=\u00a0\u00bb2\/3&Prime; dfd_column_responsive_enable=\u00a0\u00bbdfd-column-responsive-enable\u00a0\u00bb col_shadow=\u00a0\u00bbbox_shadow_enable:disable|shadow_horizontal:0|shadow_vertical:15|shadow_blur:50|shadow_spread:0|box_shadow_color:rgba(0%2C0%2C0%2C0.35)\u00a0\u00bb col_shadow_hover=\u00a0\u00bbbox_shadow_enable:disable|shadow_horizontal:0|shadow_vertical:15|shadow_blur:50|shadow_spread:0|box_shadow_color:rgba(0%2C0%2C0%2C0.35)\u00a0\u00bb responsive_styles=\u00a0\u00bbpadding_left_mobile:30|padding_right_mobile:30&Prime;][vc_column_text css=\u00a0\u00bb\u00a0\u00bb]<\/p>\n<h3 data-start=\"0\" data-end=\"55\"><strong data-start=\"4\" data-end=\"53\">Rejoignez notre \u00e9quipe \u2013 Travail au Campra<\/strong><\/h3>\n<p data-start=\"57\" data-end=\"525\">Le <strong data-start=\"60\" data-end=\"89\">Campra Alpine Lodge &amp; SPA<\/strong> est une destination ouverte toute l\u2019ann\u00e9e, nich\u00e9e au c\u0153ur des Alpes suisses. En hiver, Campra est un v\u00e9ritable paradis pour les skieurs de fond et les amoureux de la neige, tandis qu\u2019en \u00e9t\u00e9, c\u2019est une destination pris\u00e9e pour la randonn\u00e9e, le VTT et tous ceux qui recherchent une nature pr\u00e9serv\u00e9e. Avec notre <strong data-start=\"398\" data-end=\"448\">h\u00f4tel 3 \u00e9toiles, notre <a href=\"https:\/\/campralodge.ch\/fr\/restaurant-et-bar\/\">restaurant<\/a> et notre SPA<\/strong>, nous offrons une exp\u00e9rience unique alliant sport, d\u00e9tente et gastronomie.<\/p>\n<p data-start=\"527\" data-end=\"930\"><strong data-start=\"527\" data-end=\"551\">Offrez-vous une nouvelle opportunit\u00e9 de travail avec nous<\/strong> et rejoignez une \u00e9quipe dynamique et accueillante ! Nous recherchons des <strong data-start=\"625\" data-end=\"662\">personnes passionn\u00e9es et motiv\u00e9es<\/strong>, ayant une exp\u00e9rience dans l\u2019h\u00f4tellerie et une bonne ma\u00eetrise du <strong data-start=\"728\" data-end=\"770\">fran\u00e7ais, de l\u2019italien et de l\u2019anglais<\/strong>. Si vous aimez le contact avec les clients, appr\u00e9ciez le travail en \u00e9quipe et avez toujours le sourire, alors nous serions ravis de vous compter parmi nous !<\/p>\n<p data-start=\"932\" data-end=\"1174\">Pour les \u00e9tudiants ou ceux ayant des engagements acad\u00e9miques, nous proposons \u00e9galement des <strong data-start=\"1023\" data-end=\"1062\">emplois \u00e0 temps partiel le week-end<\/strong>. En juillet et en ao\u00fbt, nous offrons \u00e9galement des <strong data-start=\"1114\" data-end=\"1171\">opportunit\u00e9s de travail saisonnier pour les \u00e9tudiants<\/strong>.<\/p>\n<p data-start=\"1176\" data-end=\"1407\">Si vous \u00eates pr\u00eat \u00e0 franchir une nouvelle \u00e9tape dans votre carri\u00e8re, <strong data-start=\"1245\" data-end=\"1269\">travaillez avec nous<\/strong> et envoyez-nous votre candidature pour l\u2019un de nos postes ouverts. Pour les candidatures spontan\u00e9es, \u00e9crivez \u00e0 <strong data-start=\"1381\" data-end=\"1404\"><a href=\"mailto:info@campralodge.ch\" rel=\"noopener\" data-start=\"1383\" data-end=\"1402\">info@campralodge.ch<\/a><\/strong>.<\/p>\n<p data-start=\"1409\" data-end=\"1472\">Vous pouvez aussi nous contacter via notre <a href=\"https:\/\/www.linkedin.com\/company\/campra-alpine-lodge-spa\/posts\/?feedView=all\"><strong data-start=\"1452\" data-end=\"1469\">page LinkedIn<\/strong><\/a>.<\/p>\n<p>[\/vc_column_text][\/vc_column][vc_column width=\u00a0\u00bb1\/6&Prime;][\/vc_column][\/vc_row][vc_row anchor=\u00a0\u00bbcookie\u00a0\u00bb][vc_column]<div class=\"dfd-spacer-module\"  data-units=\"px\" data-wide_resolution=\"1280\" data-wide_size=\"150\" data-normal_resolution=\"1024\" data-normal_size=\"100\" data-tablet_resolution=\"800\" data-tablet_size=\"100\" data-mobile_resolution=\"480\" data-mobile_size=\"80\" style=\"height: 150px;\"><\/div>[\/vc_column][\/vc_row][vc_row][vc_column width=\u00a0\u00bb1\/6&Prime; col_shadow=\u00a0\u00bbbox_shadow_enable:disable|shadow_horizontal:0|shadow_vertical:15|shadow_blur:50|shadow_spread:0|box_shadow_color:rgba(0%2C0%2C0%2C0.35)\u00a0\u00bb col_shadow_hover=\u00a0\u00bbbox_shadow_enable:disable|shadow_horizontal:0|shadow_vertical:15|shadow_blur:50|shadow_spread:0|box_shadow_color:rgba(0%2C0%2C0%2C0.35)\u00a0\u00bb][\/vc_column][vc_column width=\u00a0\u00bb2\/3&Prime; dfd_column_responsive_enable=\u00a0\u00bbdfd-column-responsive-enable\u00a0\u00bb col_shadow=\u00a0\u00bbbox_shadow_enable:disable|shadow_horizontal:0|shadow_vertical:15|shadow_blur:50|shadow_spread:0|box_shadow_color:rgba(0%2C0%2C0%2C0.35)\u00a0\u00bb col_shadow_hover=\u00a0\u00bbbox_shadow_enable:disable|shadow_horizontal:0|shadow_vertical:15|shadow_blur:50|shadow_spread:0|box_shadow_color:rgba(0%2C0%2C0%2C0.35)\u00a0\u00bb responsive_styles=\u00a0\u00bbpadding_left_mobile:30|padding_right_mobile:30&Prime;][vc_column_text][\/vc_column_text][\/vc_column][vc_column width=\u00a0\u00bb1\/6&Prime;][\/vc_column][\/vc_row][vc_row][vc_column]<div class=\"dfd-spacer-module\"  data-units=\"px\" data-wide_resolution=\"1280\" data-wide_size=\"150\" data-normal_resolution=\"1024\" data-normal_size=\"100\" data-tablet_resolution=\"800\" data-tablet_size=\"100\" data-mobile_resolution=\"480\" data-mobile_size=\"80\" style=\"height: 150px;\"><\/div>[\/vc_column][\/vc_row]<\/p>\n<\/div>","protected":false},"excerpt":{"rendered":"<p>[vc_row][vc_column][\/vc_column][\/vc_row][vc_row][vc_column width=\u00a0\u00bb1\/6&Prime; col_shadow=\u00a0\u00bbbox_shadow_enable:disable|shadow_horizontal:0|shadow_vertical:15|shadow_blur:50|shadow_spread:0|box_shadow_color:rgba(0%2C0%2C0%2C0.35)\u00a0\u00bb col_shadow_hover=\u00a0\u00bbbox_shadow_enable:disable|shadow_horizontal:0|shadow_vertical:15|shadow_blur:50|shadow_spread:0|box_shadow_color:rgba(0%2C0%2C0%2C0.35)\u00a0\u00bb][vc_single_image image=\u00a0\u00bb37705&Prime; img_size=\u00a0\u00bbfull\u00a0\u00bb css=\u00a0\u00bb\u00a0\u00bb][\/vc_column][vc_column width=\u00a0\u00bb2\/3&Prime; dfd_column_responsive_enable=\u00a0\u00bbdfd-column-responsive-enable\u00a0\u00bb col_shadow=\u00a0\u00bbbox_shadow_enable:disable|shadow_horizontal:0|shadow_vertical:15|shadow_blur:50|shadow_spread:0|box_shadow_color:rgba(0%2C0%2C0%2C0.35)\u00a0\u00bb col_shadow_hover=\u00a0\u00bbbox_shadow_enable:disable|shadow_horizontal:0|shadow_vertical:15|shadow_blur:50|shadow_spread:0|box_shadow_color:rgba(0%2C0%2C0%2C0.35)\u00a0\u00bb responsive_styles=\u00a0\u00bbpadding_left_mobile:30|padding_right_mobile:30&Prime;][vc_column_text css=\u00a0\u00bb\u00a0\u00bb] Rejoignez notre \u00e9quipe \u2013 Travail au Campra Le Campra Alpine Lodge &amp; SPA est une destination ouverte<\/p>\n","protected":false},"author":2,"featured_media":37705,"parent":0,"menu_order":0,"comment_status":"closed","ping_status":"closed","template":"page-custom.php","meta":{"inline_featured_image":false,"_monsterinsights_skip_tracking":false,"_monsterinsights_sitenote_active":false,"_monsterinsights_sitenote_note":"","_monsterinsights_sitenote_category":0,"footnotes":""},"class_list":["post-34505","page","type-page","status-publish","has-post-thumbnail","hentry"],"yoast_head":"<!-- This site is optimized with the Yoast SEO plugin v27.4 - https:\/\/yoast.com\/product\/yoast-seo-wordpress\/ -->\n<title>Carri\u00e8re - Campra Alpine Lodge &amp; Spa<\/title>\n<meta name=\"description\" content=\"Offrez-vous une nouvelle opportunit\u00e9 de travail au Campra Alpine Lodge &amp; SPA ! Rejoignez notre \u00e9quipe dans les Alpes suisses\" \/>\n<meta name=\"robots\" content=\"index, follow, max-snippet:-1, max-image-preview:large, max-video-preview:-1\" \/>\n<link rel=\"canonical\" href=\"https:\/\/campralodge.ch\/fr\/travail-campra\/\" \/>\n<meta property=\"og:locale\" content=\"fr_FR\" \/>\n<meta property=\"og:type\" content=\"article\" \/>\n<meta property=\"og:title\" content=\"Carri\u00e8re - Campra Alpine Lodge &amp; Spa\" \/>\n<meta property=\"og:description\" content=\"Offrez-vous une nouvelle opportunit\u00e9 de travail au Campra Alpine Lodge &amp; SPA ! Rejoignez notre \u00e9quipe dans les Alpes suisses\" \/>\n<meta property=\"og:url\" content=\"https:\/\/campralodge.ch\/fr\/travail-campra\/\" \/>\n<meta property=\"og:site_name\" content=\"Campra Alpine Lodge &amp; Spa\" \/>\n<meta property=\"article:publisher\" content=\"https:\/\/www.facebook.com\/campralodge\/?modal=admin_todo_tour\" \/>\n<meta property=\"article:modified_time\" content=\"2025-03-18T14:11:11+00:00\" \/>\n<meta property=\"og:image\" content=\"https:\/\/campralodge.ch\/wp-content\/uploads\/2020\/07\/DSC_3133web-1024x683.jpg\" \/>\n<meta name=\"twitter:card\" content=\"summary_large_image\" \/>\n<meta name=\"twitter:image\" content=\"https:\/\/campralodge.ch\/wp-content\/uploads\/2020\/07\/DSC_3133web-1024x683.jpg\" \/>\n<meta name=\"twitter:label1\" content=\"Dur\u00e9e de lecture estim\u00e9e\" \/>\n\t<meta name=\"twitter:data1\" content=\"2 minutes\" \/>\n<script type=\"application\/ld+json\" class=\"yoast-schema-graph\">{\"@context\":\"https:\\\/\\\/schema.org\",\"@graph\":[{\"@type\":\"WebPage\",\"@id\":\"https:\\\/\\\/campralodge.ch\\\/fr\\\/travail-campra\\\/\",\"url\":\"https:\\\/\\\/campralodge.ch\\\/fr\\\/travail-campra\\\/\",\"name\":\"Carri\u00e8re - Campra Alpine Lodge &amp; Spa\",\"isPartOf\":{\"@id\":\"https:\\\/\\\/campralodge.ch\\\/fr\\\/#website\"},\"primaryImageOfPage\":{\"@id\":\"https:\\\/\\\/campralodge.ch\\\/fr\\\/travail-campra\\\/#primaryimage\"},\"image\":{\"@id\":\"https:\\\/\\\/campralodge.ch\\\/fr\\\/travail-campra\\\/#primaryimage\"},\"thumbnailUrl\":\"https:\\\/\\\/campralodge.ch\\\/wp-content\\\/uploads\\\/2025\\\/03\\\/lavora-con-noi-campra-lodge-spa.jpg\",\"datePublished\":\"2024-02-12T09:57:17+00:00\",\"dateModified\":\"2025-03-18T14:11:11+00:00\",\"description\":\"Offrez-vous une nouvelle opportunit\u00e9 de travail au Campra Alpine Lodge & SPA ! Rejoignez notre \u00e9quipe dans les Alpes suisses\",\"breadcrumb\":{\"@id\":\"https:\\\/\\\/campralodge.ch\\\/fr\\\/travail-campra\\\/#breadcrumb\"},\"inLanguage\":\"fr-FR\",\"potentialAction\":[{\"@type\":\"ReadAction\",\"target\":[\"https:\\\/\\\/campralodge.ch\\\/fr\\\/travail-campra\\\/\"]}]},{\"@type\":\"ImageObject\",\"inLanguage\":\"fr-FR\",\"@id\":\"https:\\\/\\\/campralodge.ch\\\/fr\\\/travail-campra\\\/#primaryimage\",\"url\":\"https:\\\/\\\/campralodge.ch\\\/wp-content\\\/uploads\\\/2025\\\/03\\\/lavora-con-noi-campra-lodge-spa.jpg\",\"contentUrl\":\"https:\\\/\\\/campralodge.ch\\\/wp-content\\\/uploads\\\/2025\\\/03\\\/lavora-con-noi-campra-lodge-spa.jpg\",\"width\":3947,\"height\":4934,\"caption\":\"R\u00e9ceptionniste souriante accueillant les clients au Campra Alpine Lodge & SPA.\"},{\"@type\":\"BreadcrumbList\",\"@id\":\"https:\\\/\\\/campralodge.ch\\\/fr\\\/travail-campra\\\/#breadcrumb\",\"itemListElement\":[{\"@type\":\"ListItem\",\"position\":1,\"name\":\"Home\",\"item\":\"https:\\\/\\\/campralodge.ch\\\/fr\\\/\"},{\"@type\":\"ListItem\",\"position\":2,\"name\":\"Carri\u00e8re\"}]},{\"@type\":\"WebSite\",\"@id\":\"https:\\\/\\\/campralodge.ch\\\/fr\\\/#website\",\"url\":\"https:\\\/\\\/campralodge.ch\\\/fr\\\/\",\"name\":\"Campra Alpine Lodge &amp; Spa\",\"description\":\"Valle di Blenio\",\"publisher\":{\"@id\":\"https:\\\/\\\/campralodge.ch\\\/fr\\\/#organization\"},\"potentialAction\":[{\"@type\":\"SearchAction\",\"target\":{\"@type\":\"EntryPoint\",\"urlTemplate\":\"https:\\\/\\\/campralodge.ch\\\/fr\\\/?s={search_term_string}\"},\"query-input\":{\"@type\":\"PropertyValueSpecification\",\"valueRequired\":true,\"valueName\":\"search_term_string\"}}],\"inLanguage\":\"fr-FR\"},{\"@type\":\"Organization\",\"@id\":\"https:\\\/\\\/campralodge.ch\\\/fr\\\/#organization\",\"name\":\"Campra Alpine Lodge & Spa\",\"url\":\"https:\\\/\\\/campralodge.ch\\\/fr\\\/\",\"logo\":{\"@type\":\"ImageObject\",\"inLanguage\":\"fr-FR\",\"@id\":\"https:\\\/\\\/campralodge.ch\\\/fr\\\/#\\\/schema\\\/logo\\\/image\\\/\",\"url\":\"https:\\\/\\\/campralodge.ch\\\/wp-content\\\/uploads\\\/2020\\\/04\\\/campralodge_logo_positivo.svg\",\"contentUrl\":\"https:\\\/\\\/campralodge.ch\\\/wp-content\\\/uploads\\\/2020\\\/04\\\/campralodge_logo_positivo.svg\",\"width\":\"1024\",\"height\":\"1024\",\"caption\":\"Campra Alpine Lodge & Spa\"},\"image\":{\"@id\":\"https:\\\/\\\/campralodge.ch\\\/fr\\\/#\\\/schema\\\/logo\\\/image\\\/\"},\"sameAs\":[\"https:\\\/\\\/www.facebook.com\\\/campralodge\\\/?modal=admin_todo_tour\",\"https:\\\/\\\/www.instagram.com\\\/campralodge\\\/\"]}]}<\/script>\n<!-- \/ Yoast SEO plugin. -->","yoast_head_json":{"title":"Carri\u00e8re - Campra Alpine Lodge &amp; Spa","description":"Offrez-vous une nouvelle opportunit\u00e9 de travail au Campra Alpine Lodge & SPA ! Rejoignez notre \u00e9quipe dans les Alpes suisses","robots":{"index":"index","follow":"follow","max-snippet":"max-snippet:-1","max-image-preview":"max-image-preview:large","max-video-preview":"max-video-preview:-1"},"canonical":"https:\/\/campralodge.ch\/fr\/travail-campra\/","og_locale":"fr_FR","og_type":"article","og_title":"Carri\u00e8re - Campra Alpine Lodge &amp; Spa","og_description":"Offrez-vous une nouvelle opportunit\u00e9 de travail au Campra Alpine Lodge & SPA ! Rejoignez notre \u00e9quipe dans les Alpes suisses","og_url":"https:\/\/campralodge.ch\/fr\/travail-campra\/","og_site_name":"Campra Alpine Lodge &amp; Spa","article_publisher":"https:\/\/www.facebook.com\/campralodge\/?modal=admin_todo_tour","article_modified_time":"2025-03-18T14:11:11+00:00","og_image":[{"url":"https:\/\/campralodge.ch\/wp-content\/uploads\/2020\/07\/DSC_3133web-1024x683.jpg","type":"","width":"","height":""}],"twitter_card":"summary_large_image","twitter_image":"https:\/\/campralodge.ch\/wp-content\/uploads\/2020\/07\/DSC_3133web-1024x683.jpg","twitter_misc":{"Dur\u00e9e de lecture estim\u00e9e":"2 minutes"},"schema":{"@context":"https:\/\/schema.org","@graph":[{"@type":"WebPage","@id":"https:\/\/campralodge.ch\/fr\/travail-campra\/","url":"https:\/\/campralodge.ch\/fr\/travail-campra\/","name":"Carri\u00e8re - Campra Alpine Lodge &amp; Spa","isPartOf":{"@id":"https:\/\/campralodge.ch\/fr\/#website"},"primaryImageOfPage":{"@id":"https:\/\/campralodge.ch\/fr\/travail-campra\/#primaryimage"},"image":{"@id":"https:\/\/campralodge.ch\/fr\/travail-campra\/#primaryimage"},"thumbnailUrl":"https:\/\/campralodge.ch\/wp-content\/uploads\/2025\/03\/lavora-con-noi-campra-lodge-spa.jpg","datePublished":"2024-02-12T09:57:17+00:00","dateModified":"2025-03-18T14:11:11+00:00","description":"Offrez-vous une nouvelle opportunit\u00e9 de travail au Campra Alpine Lodge & SPA ! Rejoignez notre \u00e9quipe dans les Alpes suisses","breadcrumb":{"@id":"https:\/\/campralodge.ch\/fr\/travail-campra\/#breadcrumb"},"inLanguage":"fr-FR","potentialAction":[{"@type":"ReadAction","target":["https:\/\/campralodge.ch\/fr\/travail-campra\/"]}]},{"@type":"ImageObject","inLanguage":"fr-FR","@id":"https:\/\/campralodge.ch\/fr\/travail-campra\/#primaryimage","url":"https:\/\/campralodge.ch\/wp-content\/uploads\/2025\/03\/lavora-con-noi-campra-lodge-spa.jpg","contentUrl":"https:\/\/campralodge.ch\/wp-content\/uploads\/2025\/03\/lavora-con-noi-campra-lodge-spa.jpg","width":3947,"height":4934,"caption":"R\u00e9ceptionniste souriante accueillant les clients au Campra Alpine Lodge & SPA."},{"@type":"BreadcrumbList","@id":"https:\/\/campralodge.ch\/fr\/travail-campra\/#breadcrumb","itemListElement":[{"@type":"ListItem","position":1,"name":"Home","item":"https:\/\/campralodge.ch\/fr\/"},{"@type":"ListItem","position":2,"name":"Carri\u00e8re"}]},{"@type":"WebSite","@id":"https:\/\/campralodge.ch\/fr\/#website","url":"https:\/\/campralodge.ch\/fr\/","name":"Campra Alpine Lodge &amp; Spa","description":"Valle di Blenio","publisher":{"@id":"https:\/\/campralodge.ch\/fr\/#organization"},"potentialAction":[{"@type":"SearchAction","target":{"@type":"EntryPoint","urlTemplate":"https:\/\/campralodge.ch\/fr\/?s={search_term_string}"},"query-input":{"@type":"PropertyValueSpecification","valueRequired":true,"valueName":"search_term_string"}}],"inLanguage":"fr-FR"},{"@type":"Organization","@id":"https:\/\/campralodge.ch\/fr\/#organization","name":"Campra Alpine Lodge & Spa","url":"https:\/\/campralodge.ch\/fr\/","logo":{"@type":"ImageObject","inLanguage":"fr-FR","@id":"https:\/\/campralodge.ch\/fr\/#\/schema\/logo\/image\/","url":"https:\/\/campralodge.ch\/wp-content\/uploads\/2020\/04\/campralodge_logo_positivo.svg","contentUrl":"https:\/\/campralodge.ch\/wp-content\/uploads\/2020\/04\/campralodge_logo_positivo.svg","width":"1024","height":"1024","caption":"Campra Alpine Lodge & Spa"},"image":{"@id":"https:\/\/campralodge.ch\/fr\/#\/schema\/logo\/image\/"},"sameAs":["https:\/\/www.facebook.com\/campralodge\/?modal=admin_todo_tour","https:\/\/www.instagram.com\/campralodge\/"]}]}},"_links":{"self":[{"href":"https:\/\/campralodge.ch\/fr\/wp-json\/wp\/v2\/pages\/34505","targetHints":{"allow":["GET"]}}],"collection":[{"href":"https:\/\/campralodge.ch\/fr\/wp-json\/wp\/v2\/pages"}],"about":[{"href":"https:\/\/campralodge.ch\/fr\/wp-json\/wp\/v2\/types\/page"}],"author":[{"embeddable":true,"href":"https:\/\/campralodge.ch\/fr\/wp-json\/wp\/v2\/users\/2"}],"replies":[{"embeddable":true,"href":"https:\/\/campralodge.ch\/fr\/wp-json\/wp\/v2\/comments?post=34505"}],"version-history":[{"count":14,"href":"https:\/\/campralodge.ch\/fr\/wp-json\/wp\/v2\/pages\/34505\/revisions"}],"predecessor-version":[{"id":37731,"href":"https:\/\/campralodge.ch\/fr\/wp-json\/wp\/v2\/pages\/34505\/revisions\/37731"}],"wp:featuredmedia":[{"embeddable":true,"href":"https:\/\/campralodge.ch\/fr\/wp-json\/wp\/v2\/media\/37705"}],"wp:attachment":[{"href":"https:\/\/campralodge.ch\/fr\/wp-json\/wp\/v2\/media?parent=34505"}],"curies":[{"name":"wp","href":"https:\/\/api.w.org\/{rel}","templated":true}]}}