{"id":30362,"date":"2020-05-20T11:12:16","date_gmt":"2020-05-20T09:12:16","guid":{"rendered":"https:\/\/campralodge.ch\/spa-bereich\/"},"modified":"2026-04-16T13:40:14","modified_gmt":"2026-04-16T11:40:14","slug":"spa-bereich","status":"publish","type":"page","link":"https:\/\/campralodge.ch\/de\/spa-bereich\/","title":{"rendered":"Spa-Bereich"},"content":{"rendered":"<div class=\"wpb-content-wrapper\"><p>[vc_row dfd_row_config=&#8220;full_width_content&#8220;][vc_column]\n\t\t\t<!-- START video spa REVOLUTION SLIDER 6.7.35 --><p class=\"rs-p-wp-fix\"><\/p>\n\t\t\t<rs-module-wrap id=\"rev_slider_6_1_wrapper\" data-source=\"gallery\" style=\"visibility:hidden;background:transparent;padding:0;margin:0px auto;margin-top:0;margin-bottom:0;\">\n\t\t\t\t<rs-module id=\"rev_slider_6_1\" style=\"\" data-version=\"6.7.35\">\n\t\t\t\t\t<rs-slides style=\"overflow: hidden; position: absolute;\">\n\t\t\t\t\t\t<rs-slide style=\"position: absolute;\" data-key=\"rs-6\" data-title=\"Slide\" data-anim=\"adpr:false;\" data-in=\"o:0;\" data-out=\"a:false;\">\n\t\t\t\t\t\t\t<img decoding=\"async\" src=\"\/\/campralodge.ch\/wp-content\/plugins\/revslider\/sr6\/assets\/assets\/dummy.png\" alt=\"\" title=\"pulito_campra2k-MP4_spa_inverno_trim_6.jpeg\" width=\"2560\" height=\"1440\" class=\"rev-slidebg tp-rs-img rs-lazyload\" data-lazyload=\"\/\/campralodge.ch\/wp-content\/uploads\/revslider\/video-media\/pulito_campra2k-MP4_spa_inverno_trim_6.jpeg\" data-no-retina>\n\t\t\t\t\t\t\t<rs-bgvideo \n\t\t\t\t\t\t\t\tdata-video=\"w:100%;h:100%;nse:false;rwd:false;l:true;ptimer:false;vfc:true;\"\n\t\t\t\t\t\t\t\tdata-mp4=\"\/\/campralodge.ch\/wp-content\/uploads\/2022\/03\/pulito_campra2k-MP4_spa_inverno_trim.mp4\"\n\t\t\t\t\t\t\t><\/rs-bgvideo>\n<!---->\t\t\t\t\t<\/rs-slide>\n\t\t\t\t\t<\/rs-slides>\n\t\t\t\t<\/rs-module>\n\t\t\t\t<script>\n\t\t\t\t\tsetREVStartSize({c: 'rev_slider_6_1',rl:[1240,1024,778,480],el:[750,768,960,720],gw:[1240,1024,778,480],gh:[750,600,550,350],type:'hero',justify:'',layout:'fullwidth',mh:\"0\"});if (window.RS_MODULES!==undefined && window.RS_MODULES.modules!==undefined && window.RS_MODULES.modules[\"revslider61\"]!==undefined) {window.RS_MODULES.modules[\"revslider61\"].once = false;window.revapi6 = undefined;if (window.RS_MODULES.checkMinimal!==undefined) window.RS_MODULES.checkMinimal()}\n\t\t\t\t<\/script>\n\t\t\t<\/rs-module-wrap>\n\t\t\t<!-- END REVOLUTION SLIDER -->\n[\/vc_column][\/vc_row][vc_row][vc_column]<div class=\"dfd-spacer-module\"  data-units=\"px\" data-wide_resolution=\"1280\" data-wide_size=\"200\" data-normal_resolution=\"1024\" data-normal_size=\"200\" data-tablet_resolution=\"800\" data-tablet_size=\"150\" data-mobile_resolution=\"480\" data-mobile_size=\"100\" style=\"height: 200px;\"><\/div>[vc_column_text css=&#8220;&#8220;]<\/p>\n<h2 data-section-id=\"g24w39\" data-start=\"5125\" data-end=\"5163\"><span role=\"text\"><strong data-start=\"5128\" data-end=\"5161\">SPA Campra Alpine Lodge &amp; Spa<\/strong><\/span><\/h2>\n<p data-start=\"5164\" data-end=\"5212\"><strong data-start=\"5164\" data-end=\"5212\">Eine Oase der Entspannung inmitten der Natur<\/strong><\/p>\n<p data-start=\"5214\" data-end=\"5329\">Lassen Sie sich vom Wohlbefinden unseres SPA verw\u00f6hnen \u2013 ein Ort der Ruhe und Entspannung im Herzen des Bleniotals.<\/p>\n<p data-start=\"5331\" data-end=\"5481\">Unser gem\u00fctlicher SPA-Bereich (120 m\u00b2) bietet Momente der Erholung mit einem warmen Ruhebereich, Whirlpool mit Blick auf den Wald, Sauna und Dampfbad.<\/p>\n<hr data-start=\"5483\" data-end=\"5486\" \/>\n<h4 data-section-id=\"n56dl6\" data-start=\"5488\" data-end=\"5505\"><span role=\"text\"><strong data-start=\"5491\" data-end=\"5505\">SPA-Zugang<\/strong><\/span><\/h4>\n<h4 data-section-id=\"1oks4k5\" data-start=\"5507\" data-end=\"5529\"><span role=\"text\"><strong data-start=\"5511\" data-end=\"5529\">F\u00fcr Hotelg\u00e4ste<\/strong><\/span><\/h4>\n<p data-start=\"5530\" data-end=\"5656\">Der Zugang zum SPA ist <strong data-start=\"5553\" data-end=\"5582\">im Aufenthalt inbegriffen<\/strong>.<br data-start=\"5583\" data-end=\"5586\" \/>Bitte informieren Sie die Rezeption \u00fcber Ihre gew\u00fcnschte Nutzungszeit.<\/p>\n<h4 data-section-id=\"mvppga\" data-start=\"5658\" data-end=\"5683\"><span role=\"text\"><strong data-start=\"5662\" data-end=\"5683\">F\u00fcr externe G\u00e4ste<\/strong><\/span><\/h4>\n<p data-start=\"5684\" data-end=\"5762\">CHF 25.\u2013 pro Person<br data-start=\"5703\" data-end=\"5706\" \/>Dauer: 1 Stunde 30 Minuten<br data-start=\"5732\" data-end=\"5735\" \/>Reservierung erforderlich<\/p>\n<hr data-start=\"5764\" data-end=\"5767\" \/>\n<h4 data-section-id=\"n2u34r\" data-start=\"5769\" data-end=\"5790\"><span role=\"text\"><strong data-start=\"5772\" data-end=\"5790\">\u00d6ffnungszeiten<\/strong><\/span><\/h4>\n<p data-start=\"5791\" data-end=\"5855\">T\u00e4glich: 14:00 \u2013 20:00<br data-start=\"5813\" data-end=\"5816\" \/>(letzter empfohlener Eintritt um 18:30)<\/p>\n<hr data-start=\"5857\" data-end=\"5860\" \/>\n<h4 data-section-id=\"f0da3t\" data-start=\"5862\" data-end=\"5878\"><span role=\"text\"><strong data-start=\"5865\" data-end=\"5878\">Kapazit\u00e4t<\/strong><\/span><\/h4>\n<p data-start=\"5879\" data-end=\"5988\">Um ein exklusives Erlebnis zu gew\u00e4hrleisten, ist der Zugang auf <strong data-start=\"5943\" data-end=\"5978\">maximal 8 Personen gleichzeitig<\/strong> begrenzt.<\/p>\n<hr data-start=\"5990\" data-end=\"5993\" \/>\n<h4 data-section-id=\"14grk4m\" data-start=\"5995\" data-end=\"6014\"><span role=\"text\"><strong data-start=\"5998\" data-end=\"6014\">Leihmaterial<\/strong><\/span><\/h4>\n<p data-start=\"6015\" data-end=\"6072\">Handtuch: CHF 5.\u2013<br data-start=\"6032\" data-end=\"6035\" \/>Bademantel und Hausschuhe: CHF 10.\u2013<\/p>\n<p data-start=\"6074\" data-end=\"6152\">Die Materialien m\u00fcssen <strong data-start=\"6097\" data-end=\"6151\">an der Rezeption abgeholt und zur\u00fcckgegeben werden<\/strong>.<\/p>\n<hr data-start=\"6154\" data-end=\"6157\" \/>\n<h4 data-section-id=\"146di35\" data-start=\"6159\" data-end=\"6180\"><span role=\"text\"><strong data-start=\"6162\" data-end=\"6180\">SPA-Abonnement<\/strong><\/span><\/h4>\n<p data-start=\"6181\" data-end=\"6249\">Ein 10er-Abo ist f\u00fcr <strong data-start=\"6202\" data-end=\"6215\">CHF 225.\u2013<\/strong> erh\u00e4ltlich und <strong data-start=\"6231\" data-end=\"6248\">1 Jahr g\u00fcltig<\/strong>.<\/p>\n<hr data-start=\"6251\" data-end=\"6254\" \/>\n<h4 data-section-id=\"1ucszh\" data-start=\"6256\" data-end=\"6291\"><span role=\"text\"><strong data-start=\"6259\" data-end=\"6291\">Verschenken Sie Wohlbefinden<\/strong><\/span><\/h4>\n<p data-start=\"6292\" data-end=\"6367\">\u00dcberraschen Sie Ihre Liebsten mit einem einzigartigen Entspannungserlebnis.<\/p>\n<p>[\/vc_column_text][dfd_logo_carousel list_fields=&#8220;%5B%7B%22icon_image_id%22%3A%2230829%22%2C%22description%22%3A%22Image%20short%20description%20which%20will%20be%20visible%20on%20the%20back%20side.%20%22%7D%2C%7B%22icon_image_id%22%3A%2238539%22%2C%22description%22%3A%22Image%20short%20description%20which%20will%20be%20visible%20on%20the%20back%20side.%20%22%7D%2C%7B%22icon_image_id%22%3A%2230834%22%2C%22description%22%3A%22Image%20short%20description%20which%20will%20be%20visible%20on%20the%20back%20side.%20%22%7D%5D&#8220; main_style=&#8220;style-1&#8243; extra_features_elements_heading=&#8220;&#8220;][\/vc_column][\/vc_row][vc_row dfd_row_responsive_enable=&#8220;dfd-row-responsive-enable&#8220; css=&#8220;.vc_custom_1584978702706{padding-top: 120px !important;padding-right: 90px !important;padding-bottom: 120px !important;padding-left: 90px !important;background-color: #f2eadf !important;background-position: center !important;background-repeat: no-repeat !important;background-size: cover !important;}&#8220; responsive_styles=&#8220;padding_top_desktop:120|padding_bottom_desktop:120|padding_left_desktop:60|padding_right_desktop:60|padding_top_tablet:120|padding_bottom_tablet:120|padding_left_tablet:60|padding_right_tablet:60|padding_top_mobile:60|padding_bottom_mobile:60|padding_left_mobile:30|padding_right_mobile:30&#8243;][vc_column col_shadow=&#8220;box_shadow_enable:disable|shadow_horizontal:0|shadow_vertical:15|shadow_blur:50|shadow_spread:0|box_shadow_color:rgba(0%2C0%2C0%2C0.35)&#8220; col_shadow_hover=&#8220;box_shadow_enable:disable|shadow_horizontal:0|shadow_vertical:15|shadow_blur:50|shadow_spread:0|box_shadow_color:rgba(0%2C0%2C0%2C0.35)&#8220;][vc_column_text el_class=&#8220;regolamento&#8220;]<strong>Benutzungsregeln f\u00fcr unseren Wellnessbereich<\/strong><\/p>\n<ol>\n<li>Unsere Wellnessbereich ist ein \u2018Ruhe-Bereich\u2019<\/li>\n<li>Kinder unter 16 Jahren m\u00fcssen von einer erwachsenen Person begleitet werden<\/li>\n<li>Eintritt nicht erlaubt f\u00fcr Kindern unter 12 Jahren<\/li>\n<li>Der Zugang zum SPA muss im Voraus an der Rezeption gebucht werden und ist auf maximal 8 Personen begrenzt<\/li>\n<li>Hotelg\u00e4ste sind eingeladen, sich in ihrem Zimmer umzuziehen<\/li>\n<li>Die Kunden m\u00fcssen sich die H\u00e4nde desinfizieren, bevor sie das SPA betreten, sowie regelm\u00e4\u00dfig innerhalb des SPA<\/li>\n<li>Aus Gr\u00fcnden von Hygiene und Sicherheit ist das Tragen von Badefinken im gesamten Wellnessbereich obligatorisch<\/li>\n<li>Obligatorische Dusche vor und nach der Ben\u00fctzung von Sauna, t\u00fcrkischem Dampfbad und Sprudelbad<\/li>\n<li>Unsere Sauna ist eine grunds\u00e4tzlich eine \u2018Nackt-Sauna\u2019, aber unsere G\u00e4ste werden gebeten sowohl beim Liegen und Sitzen ein Badetuch zu unterlegen, als auch ihren Intimbereich mit einem Badetuch zu bedecken<\/li>\n<li>Benutzen Sie die Zerst\u00e4uber, welche im SPA-Bereich zur Verf\u00fcgung stehen, um oft benutzte Gegenst\u00e4nde zu desinfizieren<\/li>\n<li>Unsere G\u00e4ste werden gebeten, einen Bademantel zu tragen oder ein Badetuch zu unterlegen bei der Ben\u00fctzung der Liegebetten im Ruheraum<\/li>\n<li>Legen Sie die gebrauchten Handt\u00fccher in die speziellen K\u00f6rbe in den Umkleidekabinen<\/li>\n<li>Wir bitten alle unsere G\u00e4ste mit Herz und\/oder Kreislaufproblemen, vor der Ben\u00fctzung des Spa-bereiches einen Arzt zu konsultieren<\/li>\n<li>Die Direktion ist nicht haftbar f\u00fcr die Besch\u00e4digung oder den Verlust pers\u00f6nlicher Effekten<\/li>\n<li>Bitte retournieren Sie alle ausgeliehenen Gegenst\u00e4nde bevor Sie den Wellnessbereich verlassen<\/li>\n<li>Rauchen ist untersagt<\/li>\n<li>Wir bitten Sie, den Anweisungen unseres Personals Folge zu leisten<\/li>\n<\/ol>\n<p>[\/vc_column_text][\/vc_column][\/vc_row][vc_row][vc_column]<div class=\"dfd-spacer-module\"  data-units=\"px\" data-wide_resolution=\"1280\" data-wide_size=\"100\" data-normal_resolution=\"1024\" data-normal_size=\"100\" data-tablet_resolution=\"800\" data-tablet_size=\"100\" data-mobile_resolution=\"480\" data-mobile_size=\"50\" style=\"height: 100px;\"><\/div>[\/vc_column][\/vc_row]<\/p>\n<\/div>","protected":false},"excerpt":{"rendered":"<p>[vc_row dfd_row_config=&#8220;full_width_content&#8220;][vc_column][\/vc_column][\/vc_row][vc_row][vc_column][vc_column_text css=&#8220;&#8220;] SPA Campra Alpine Lodge &amp; Spa Eine Oase der Entspannung inmitten der Natur Lassen Sie sich vom Wohlbefinden unseres SPA verw\u00f6hnen \u2013 ein Ort der Ruhe und<\/p>\n","protected":false},"author":2,"featured_media":0,"parent":0,"menu_order":0,"comment_status":"closed","ping_status":"closed","template":"page-custom.php","meta":{"inline_featured_image":false,"_monsterinsights_skip_tracking":false,"_monsterinsights_sitenote_active":false,"_monsterinsights_sitenote_note":"","_monsterinsights_sitenote_category":0,"footnotes":""},"class_list":["post-30362","page","type-page","status-publish","hentry"],"yoast_head":"<!-- This site is optimized with the Yoast SEO plugin v27.5 - https:\/\/yoast.com\/product\/yoast-seo-wordpress\/ -->\n<title>Spa-Bereich - Campra Alpine Lodge &amp; Spa<\/title>\n<meta name=\"description\" content=\"Ein Ort des Friedens, der geschaffen wurde, um Ihnen Zeit zu geben, sich zu verw\u00f6hnen und positive Energie zur\u00fcckzugewinnen.\" \/>\n<meta name=\"robots\" content=\"index, follow, max-snippet:-1, max-image-preview:large, max-video-preview:-1\" \/>\n<link rel=\"canonical\" href=\"https:\/\/campralodge.ch\/de\/spa-bereich\/\" \/>\n<meta property=\"og:locale\" content=\"de_DE\" \/>\n<meta property=\"og:type\" content=\"article\" \/>\n<meta property=\"og:title\" content=\"Spa-Bereich - Campra Alpine Lodge &amp; Spa\" \/>\n<meta property=\"og:description\" content=\"Ein Ort des Friedens, der geschaffen wurde, um Ihnen Zeit zu geben, sich zu verw\u00f6hnen und positive Energie zur\u00fcckzugewinnen.\" \/>\n<meta property=\"og:url\" content=\"https:\/\/campralodge.ch\/de\/spa-bereich\/\" \/>\n<meta property=\"og:site_name\" content=\"Campra Alpine Lodge &amp; Spa\" \/>\n<meta property=\"article:publisher\" content=\"https:\/\/www.facebook.com\/campralodge\/?modal=admin_todo_tour\" \/>\n<meta property=\"article:modified_time\" content=\"2026-04-16T11:40:14+00:00\" \/>\n<meta property=\"og:image\" content=\"https:\/\/campralodge.ch\/wp-content\/uploads\/2020\/07\/DSC_3133web.jpg\" \/>\n\t<meta property=\"og:image:width\" content=\"2500\" \/>\n\t<meta property=\"og:image:height\" content=\"1667\" \/>\n\t<meta property=\"og:image:type\" content=\"image\/jpeg\" \/>\n<meta name=\"twitter:card\" content=\"summary_large_image\" \/>\n<meta name=\"twitter:label1\" content=\"Gesch\u00e4tzte Lesezeit\" \/>\n\t<meta name=\"twitter:data1\" content=\"3\u00a0Minuten\" \/>\n<script type=\"application\/ld+json\" class=\"yoast-schema-graph\">{\"@context\":\"https:\\\/\\\/schema.org\",\"@graph\":[{\"@type\":\"WebPage\",\"@id\":\"https:\\\/\\\/campralodge.ch\\\/de\\\/spa-bereich\\\/\",\"url\":\"https:\\\/\\\/campralodge.ch\\\/de\\\/spa-bereich\\\/\",\"name\":\"Spa-Bereich - Campra Alpine Lodge &amp; Spa\",\"isPartOf\":{\"@id\":\"https:\\\/\\\/campralodge.ch\\\/de\\\/#website\"},\"datePublished\":\"2020-05-20T09:12:16+00:00\",\"dateModified\":\"2026-04-16T11:40:14+00:00\",\"description\":\"Ein Ort des Friedens, der geschaffen wurde, um Ihnen Zeit zu geben, sich zu verw\u00f6hnen und positive Energie zur\u00fcckzugewinnen.\",\"breadcrumb\":{\"@id\":\"https:\\\/\\\/campralodge.ch\\\/de\\\/spa-bereich\\\/#breadcrumb\"},\"inLanguage\":\"de\",\"potentialAction\":[{\"@type\":\"ReadAction\",\"target\":[\"https:\\\/\\\/campralodge.ch\\\/de\\\/spa-bereich\\\/\"]}]},{\"@type\":\"BreadcrumbList\",\"@id\":\"https:\\\/\\\/campralodge.ch\\\/de\\\/spa-bereich\\\/#breadcrumb\",\"itemListElement\":[{\"@type\":\"ListItem\",\"position\":1,\"name\":\"Home\",\"item\":\"https:\\\/\\\/campralodge.ch\\\/de\\\/\"},{\"@type\":\"ListItem\",\"position\":2,\"name\":\"Spa-Bereich\"}]},{\"@type\":\"WebSite\",\"@id\":\"https:\\\/\\\/campralodge.ch\\\/de\\\/#website\",\"url\":\"https:\\\/\\\/campralodge.ch\\\/de\\\/\",\"name\":\"Campra Alpine Lodge &amp; Spa\",\"description\":\"Valle di Blenio\",\"publisher\":{\"@id\":\"https:\\\/\\\/campralodge.ch\\\/de\\\/#organization\"},\"potentialAction\":[{\"@type\":\"SearchAction\",\"target\":{\"@type\":\"EntryPoint\",\"urlTemplate\":\"https:\\\/\\\/campralodge.ch\\\/de\\\/?s={search_term_string}\"},\"query-input\":{\"@type\":\"PropertyValueSpecification\",\"valueRequired\":true,\"valueName\":\"search_term_string\"}}],\"inLanguage\":\"de\"},{\"@type\":\"Organization\",\"@id\":\"https:\\\/\\\/campralodge.ch\\\/de\\\/#organization\",\"name\":\"Campra Alpine Lodge & Spa\",\"url\":\"https:\\\/\\\/campralodge.ch\\\/de\\\/\",\"logo\":{\"@type\":\"ImageObject\",\"inLanguage\":\"de\",\"@id\":\"https:\\\/\\\/campralodge.ch\\\/de\\\/#\\\/schema\\\/logo\\\/image\\\/\",\"url\":\"https:\\\/\\\/campralodge.ch\\\/wp-content\\\/uploads\\\/2020\\\/04\\\/campralodge_logo_positivo.svg\",\"contentUrl\":\"https:\\\/\\\/campralodge.ch\\\/wp-content\\\/uploads\\\/2020\\\/04\\\/campralodge_logo_positivo.svg\",\"width\":\"1024\",\"height\":\"1024\",\"caption\":\"Campra Alpine Lodge & Spa\"},\"image\":{\"@id\":\"https:\\\/\\\/campralodge.ch\\\/de\\\/#\\\/schema\\\/logo\\\/image\\\/\"},\"sameAs\":[\"https:\\\/\\\/www.facebook.com\\\/campralodge\\\/?modal=admin_todo_tour\",\"https:\\\/\\\/www.instagram.com\\\/campralodge\\\/\"]}]}<\/script>\n<!-- \/ Yoast SEO plugin. -->","yoast_head_json":{"title":"Spa-Bereich - Campra Alpine Lodge &amp; Spa","description":"Ein Ort des Friedens, der geschaffen wurde, um Ihnen Zeit zu geben, sich zu verw\u00f6hnen und positive Energie zur\u00fcckzugewinnen.","robots":{"index":"index","follow":"follow","max-snippet":"max-snippet:-1","max-image-preview":"max-image-preview:large","max-video-preview":"max-video-preview:-1"},"canonical":"https:\/\/campralodge.ch\/de\/spa-bereich\/","og_locale":"de_DE","og_type":"article","og_title":"Spa-Bereich - Campra Alpine Lodge &amp; Spa","og_description":"Ein Ort des Friedens, der geschaffen wurde, um Ihnen Zeit zu geben, sich zu verw\u00f6hnen und positive Energie zur\u00fcckzugewinnen.","og_url":"https:\/\/campralodge.ch\/de\/spa-bereich\/","og_site_name":"Campra Alpine Lodge &amp; Spa","article_publisher":"https:\/\/www.facebook.com\/campralodge\/?modal=admin_todo_tour","article_modified_time":"2026-04-16T11:40:14+00:00","og_image":[{"width":2500,"height":1667,"url":"https:\/\/campralodge.ch\/wp-content\/uploads\/2020\/07\/DSC_3133web.jpg","type":"image\/jpeg"}],"twitter_card":"summary_large_image","twitter_misc":{"Gesch\u00e4tzte Lesezeit":"3\u00a0Minuten"},"schema":{"@context":"https:\/\/schema.org","@graph":[{"@type":"WebPage","@id":"https:\/\/campralodge.ch\/de\/spa-bereich\/","url":"https:\/\/campralodge.ch\/de\/spa-bereich\/","name":"Spa-Bereich - Campra Alpine Lodge &amp; Spa","isPartOf":{"@id":"https:\/\/campralodge.ch\/de\/#website"},"datePublished":"2020-05-20T09:12:16+00:00","dateModified":"2026-04-16T11:40:14+00:00","description":"Ein Ort des Friedens, der geschaffen wurde, um Ihnen Zeit zu geben, sich zu verw\u00f6hnen und positive Energie zur\u00fcckzugewinnen.","breadcrumb":{"@id":"https:\/\/campralodge.ch\/de\/spa-bereich\/#breadcrumb"},"inLanguage":"de","potentialAction":[{"@type":"ReadAction","target":["https:\/\/campralodge.ch\/de\/spa-bereich\/"]}]},{"@type":"BreadcrumbList","@id":"https:\/\/campralodge.ch\/de\/spa-bereich\/#breadcrumb","itemListElement":[{"@type":"ListItem","position":1,"name":"Home","item":"https:\/\/campralodge.ch\/de\/"},{"@type":"ListItem","position":2,"name":"Spa-Bereich"}]},{"@type":"WebSite","@id":"https:\/\/campralodge.ch\/de\/#website","url":"https:\/\/campralodge.ch\/de\/","name":"Campra Alpine Lodge &amp; Spa","description":"Valle di Blenio","publisher":{"@id":"https:\/\/campralodge.ch\/de\/#organization"},"potentialAction":[{"@type":"SearchAction","target":{"@type":"EntryPoint","urlTemplate":"https:\/\/campralodge.ch\/de\/?s={search_term_string}"},"query-input":{"@type":"PropertyValueSpecification","valueRequired":true,"valueName":"search_term_string"}}],"inLanguage":"de"},{"@type":"Organization","@id":"https:\/\/campralodge.ch\/de\/#organization","name":"Campra Alpine Lodge & Spa","url":"https:\/\/campralodge.ch\/de\/","logo":{"@type":"ImageObject","inLanguage":"de","@id":"https:\/\/campralodge.ch\/de\/#\/schema\/logo\/image\/","url":"https:\/\/campralodge.ch\/wp-content\/uploads\/2020\/04\/campralodge_logo_positivo.svg","contentUrl":"https:\/\/campralodge.ch\/wp-content\/uploads\/2020\/04\/campralodge_logo_positivo.svg","width":"1024","height":"1024","caption":"Campra Alpine Lodge & Spa"},"image":{"@id":"https:\/\/campralodge.ch\/de\/#\/schema\/logo\/image\/"},"sameAs":["https:\/\/www.facebook.com\/campralodge\/?modal=admin_todo_tour","https:\/\/www.instagram.com\/campralodge\/"]}]}},"_links":{"self":[{"href":"https:\/\/campralodge.ch\/de\/wp-json\/wp\/v2\/pages\/30362","targetHints":{"allow":["GET"]}}],"collection":[{"href":"https:\/\/campralodge.ch\/de\/wp-json\/wp\/v2\/pages"}],"about":[{"href":"https:\/\/campralodge.ch\/de\/wp-json\/wp\/v2\/types\/page"}],"author":[{"embeddable":true,"href":"https:\/\/campralodge.ch\/de\/wp-json\/wp\/v2\/users\/2"}],"replies":[{"embeddable":true,"href":"https:\/\/campralodge.ch\/de\/wp-json\/wp\/v2\/comments?post=30362"}],"version-history":[{"count":80,"href":"https:\/\/campralodge.ch\/de\/wp-json\/wp\/v2\/pages\/30362\/revisions"}],"predecessor-version":[{"id":38562,"href":"https:\/\/campralodge.ch\/de\/wp-json\/wp\/v2\/pages\/30362\/revisions\/38562"}],"wp:attachment":[{"href":"https:\/\/campralodge.ch\/de\/wp-json\/wp\/v2\/media?parent=30362"}],"curies":[{"name":"wp","href":"https:\/\/api.w.org\/{rel}","templated":true}]}}